{"id":314,"date":"2017-03-15T14:50:18","date_gmt":"2017-03-15T13:50:18","guid":{"rendered":"http:\/\/www.cadelmodena.it\/ubicacion\/"},"modified":"2017-05-25T10:22:44","modified_gmt":"2017-05-25T08:22:44","slug":"ubicacion","status":"publish","type":"page","link":"https:\/\/www.cadelmodena.it\/es\/ubicacion\/","title":{"rendered":"Ubicaci\u00f3n"},"content":{"rendered":"<p>[vc_row css_animation=&#8221;&#8221; row_type=&#8221;row&#8221; use_row_as_full_screen_section=&#8221;no&#8221; type=&#8221;full_width&#8221; angled_section=&#8221;no&#8221; text_align=&#8221;left&#8221; background_image_as_pattern=&#8221;without_pattern&#8221;][vc_column][vc_gmaps link=&#8221;#E-8_JTNDaWZyYW1lJTIwc3JjJTNEJTIyaHR0cHMlM0ElMkYlMkZ3d3cuZ29vZ2xlLmNvbSUyRm1hcHMlMkZlbWJlZCUzRnBiJTNEJTIxMW0xOCUyMTFtMTIlMjExbTMlMjExZDEwODE3LjIxNjMyNjEwODU3MiUyMTJkMTIuMzI5NDM1MzM5NzUwNDE1JTIxM2Q0NS40MzYxMjU4NjMwOTA2MiUyMTJtMyUyMTFmMCUyMTJmMCUyMTNmMCUyMTNtMiUyMTFpMTAyNCUyMTJpNzY4JTIxNGYxMy4xJTIxM20zJTIxMW0yJTIxMXMweDQ3N2ViMWM0OGEzZWY1MDUlMjUzQTB4YjNjZTBlOTAzNjBhOGVlJTIxMnNDYSUyNiUyMzM5JTNCJTJCZGVsJTJCTW9kZW5hJTIxNWUwJTIxM20yJTIxMXNpdCUyMTJzaXQlMjE0djE0ODIyNTA4ODY2MDMlMjIlMjB3aWR0aCUzRCUyMjYwMCUyMiUyMGhlaWdodCUzRCUyMjQ1MCUyMiUyMGZyYW1lYm9yZGVyJTNEJTIyMCUyMiUyMHN0eWxlJTNEJTIyYm9yZGVyJTNBMCUyMiUyMGFsbG93ZnVsbHNjcmVlbiUzRSUzQyUyRmlmcmFtZSUzRQ==&#8221; size=&#8221;800&#8243;][\/vc_column][\/vc_row][vc_row css_animation=&#8221;&#8221; row_type=&#8221;row&#8221; use_row_as_full_screen_section=&#8221;no&#8221; type=&#8221;grid&#8221; angled_section=&#8221;no&#8221; text_align=&#8221;left&#8221; background_image_as_pattern=&#8221;without_pattern&#8221; padding_top=&#8221;40&#8243; padding_bottom=&#8221;40&#8243;][vc_column width=&#8221;2\/3&#8243;][vc_column_text]<\/p>\n<h2>C\u00d3MO LLEGAR A CA&#8217; DEL MODENA<\/h2>\n<p>[\/vc_column_text][vc_empty_space height=&#8221;15px&#8221;][vc_column_text]<\/p>\n<ul>\n<li><strong>Desde el aeropuerto Marco Polo:<\/strong><br \/>\nEl barco de la l\u00ednea naranja del servicio Alilaguna le lleva al centro de Venecia en unos 5560 minutos. Su parada es &#8220;SAN STAE&#8221; y se encuentra a 3 minutos a pie de Ca&#8217; del Modena<br \/>\nPara conocer los horarios, visite:\u00a0<a class=\"moz-txt-link-abbreviated\" href=\"https:\/\/www.alilaguna.it\/\">www.alilaguna.it<\/a><\/li>\n<\/ul>\n<p>&nbsp;<\/p>\n<ul>\n<li><strong>Desde la terminal de autobuses de Piazzale Roma:<\/strong><br \/>\nVaporetto p\u00fablico de la l\u00ednea 1, o la l\u00ednea N de noche, direcci\u00f3n Rialto-San Marco-Lido; el viaje dura 1012 minutos. Su parada es &#8220;SAN STAE&#8221; y se encuentra a 3 minutos a pie de Ca&#8217; del Modena<\/li>\n<\/ul>\n<p>&nbsp;<\/p>\n<ul>\n<li><strong>Vaporetto p\u00fablico de la l\u00ednea 1, o la l\u00ednea N de noche, direcci\u00f3n Rialto-San Marco-Lido; el viaje dura 810 minutos. Su parada es &#8220;SAN STAE&#8221; y se encuentra a 3 minutos a pie de Ca&#8217; del Modena<\/strong><\/li>\n<\/ul>\n<p>[\/vc_column_text][vc_empty_space height=&#8221;40px&#8221;][vc_column_text]<strong>Importante:<\/strong> tenga en cuenta que para llegadas despu\u00e9s de las 22:00 horas hay un recargo de 20,00 \u20ac (como se indica en su reserva)<\/p>\n<p>No dude en contactar con nosotros llamando a los n\u00fameros de tel\u00e9fono que figuran en su reserva. Uno de nuestros empleados le atender\u00e1<br \/>\n<a href=\"tel:+393240440751\">+39 324 0440 751<\/a><br \/>\n<a href=\"tel:+393355307188\">+39 335 5307 188<\/a><br \/>\n<a href=\"tel:+393286091991\">+39 328 6091 991<\/a> desde las 17:00 horas hasta la madrugada[\/vc_column_text][vc_empty_space height=&#8221;40px&#8221;][vc_column_text]<strong>\u00daNICAMENTE TOQUE EL TIMBRE \u201cCA\u2019 DEL MODENA\u201d LUCA C.<\/strong>[\/vc_column_text][\/vc_column][vc_column width=&#8221;1\/3&#8243;][vc_row_inner row_type=&#8221;row&#8221; type=&#8221;full_width&#8221; text_align=&#8221;center&#8221; background_color=&#8221;#efefef&#8221; padding_top=&#8221;20&#8243; padding_bottom=&#8221;20&#8243; css_animation=&#8221;&#8221;][vc_column_inner][vc_column_text]<\/p>\n<h3 style=\"text-align: center;\">DESCARGUE EL MAPA EN PDF<\/h3>\n<p>[\/vc_column_text][vc_empty_space height=&#8221;25px&#8221;][vc_single_image image=&#8221;414&#8243; img_size=&#8221;350&#215;240&#8243; qode_css_animation=&#8221;&#8221;][vc_empty_space height=&#8221;25px&#8221;]<a  itemprop=\"url\" href=\"https:\/\/www.cadelmodena.it\/wp-content\/uploads\/2016\/12\/camodena_map.pdf\" target=\"_blank\"  class=\"qbutton  large center default\" style=\"border-radius: 4px;-moz-border-radius: 4px;-webkit-border-radius: 4px; \">Descargar<i class=\"qode_icon_font_awesome fa fa-download qode_button_icon_element\" style=\"\" ><\/i><\/a>[\/vc_column_inner][\/vc_row_inner][\/vc_column][\/vc_row]<\/p>\n","protected":false},"excerpt":{"rendered":"<p>[vc_row css_animation=&#8221;&#8221; row_type=&#8221;row&#8221; use_row_as_full_screen_section=&#8221;no&#8221; type=&#8221;full_width&#8221; angled_section=&#8221;no&#8221; text_align=&#8221;left&#8221; background_image_as_pattern=&#8221;without_pattern&#8221;][vc_column][vc_gmaps link=&#8221;#E-8_JTNDaWZyYW1lJTIwc3JjJTNEJTIyaHR0cHMlM0ElMkYlMkZ3d3cuZ29vZ2xlLmNvbSUyRm1hcHMlMkZlbWJlZCUzRnBiJTNEJTIxMW0xOCUyMTFtMTIlMjExbTMlMjExZDEwODE3LjIxNjMyNjEwODU3MiUyMTJkMTIuMzI5NDM1MzM5NzUwNDE1JTIxM2Q0NS40MzYxMjU4NjMwOTA2MiUyMTJtMyUyMTFmMCUyMTJmMCUyMTNmMCUyMTNtMiUyMTFpMTAyNCUyMTJpNzY4JTIxNGYxMy4xJTIxM20zJTIxMW0yJTIxMXMweDQ3N2ViMWM0OGEzZWY1MDUlMjUzQTB4YjNjZTBlOTAzNjBhOGVlJTIxMnNDYSUyNiUyMzM5JTNCJTJCZGVsJTJCTW9kZW5hJTIxNWUwJTIxM20yJTIxMXNpdCUyMTJzaXQlMjE0djE0ODIyNTA4ODY2MDMlMjIlMjB3aWR0aCUzRCUyMjYwMCUyMiUyMGhlaWdodCUzRCUyMjQ1MCUyMiUyMGZyYW1lYm9yZGVyJTNEJTIyMCUyMiUyMHN0eWxlJTNEJTIyYm9yZGVyJTNBMCUyMiUyMGFsbG93ZnVsbHNjcmVlbiUzRSUzQyUyRmlmcmFtZSUzRQ==&#8221; size=&#8221;800&#8243;][\/vc_column][\/vc_row][vc_row css_animation=&#8221;&#8221; row_type=&#8221;row&#8221; use_row_as_full_screen_section=&#8221;no&#8221; type=&#8221;grid&#8221; angled_section=&#8221;no&#8221; text_align=&#8221;left&#8221; background_image_as_pattern=&#8221;without_pattern&#8221; padding_top=&#8221;40&#8243; padding_bottom=&#8221;40&#8243;][vc_column width=&#8221;2\/3&#8243;][vc_column_text] C\u00d3MO LLEGAR A CA&#8217; DEL MODENA [\/vc_column_text][vc_empty_space height=&#8221;15px&#8221;][vc_column_text] Desde el aeropuerto Marco Polo: El barco de la l\u00ednea naranja del servicio Alilaguna le lleva al&#8230;<\/p>\n","protected":false},"author":1,"featured_media":0,"parent":0,"menu_order":0,"comment_status":"closed","ping_status":"closed","template":"full_width.php","meta":{"footnotes":""},"class_list":["post-314","page","type-page","status-publish","hentry"],"yoast_head":"<!-- This site is optimized with the Yoast SEO plugin v25.3.1 - https:\/\/yoast.com\/wordpress\/plugins\/seo\/ -->\n<title>Ubicaci\u00f3n - Ca&#039; del Modena B&amp;B - Venice<\/title>\n<meta name=\"description\" content=\"C\u00d3MO LLEGAR A CA&#039; DEL MODENA Desde el aeropuerto Marco Polo: El barco de la l\u00ednea naranja del servicio Alilaguna le lleva al centro de Venecia en unos\" \/>\n<meta name=\"robots\" content=\"index, follow, max-snippet:-1, max-image-preview:large, max-video-preview:-1\" \/>\n<link rel=\"canonical\" href=\"https:\/\/www.cadelmodena.it\/es\/ubicacion\/\" \/>\n<meta property=\"og:locale\" content=\"es_ES\" \/>\n<meta property=\"og:type\" content=\"article\" \/>\n<meta property=\"og:title\" content=\"Ubicaci\u00f3n - Ca&#039; del Modena B&amp;B - Venice\" \/>\n<meta property=\"og:description\" content=\"C\u00d3MO LLEGAR A CA&#039; DEL MODENA Desde el aeropuerto Marco Polo: El barco de la l\u00ednea naranja del servicio Alilaguna le lleva al centro de Venecia en unos\" \/>\n<meta property=\"og:url\" content=\"https:\/\/www.cadelmodena.it\/es\/ubicacion\/\" \/>\n<meta property=\"og:site_name\" content=\"Ca&#039; Del Modena\" \/>\n<meta property=\"article:modified_time\" content=\"2017-05-25T08:22:44+00:00\" \/>\n<meta name=\"twitter:card\" content=\"summary_large_image\" \/>\n<meta name=\"twitter:label1\" content=\"Est. reading time\" \/>\n\t<meta name=\"twitter:data1\" content=\"2 minutes\" \/>\n<script type=\"application\/ld+json\" class=\"yoast-schema-graph\">{\"@context\":\"https:\/\/schema.org\",\"@graph\":[{\"@type\":\"WebPage\",\"@id\":\"https:\/\/www.cadelmodena.it\/es\/ubicacion\/\",\"url\":\"https:\/\/www.cadelmodena.it\/es\/ubicacion\/\",\"name\":\"Ubicaci\u00f3n - Ca' del Modena B&B - Venice\",\"isPartOf\":{\"@id\":\"https:\/\/www.cadelmodena.it\/#website\"},\"datePublished\":\"2017-03-15T13:50:18+00:00\",\"dateModified\":\"2017-05-25T08:22:44+00:00\",\"description\":\"C\u00d3MO LLEGAR A CA' DEL MODENA Desde el aeropuerto Marco Polo: El barco de la l\u00ednea naranja del servicio Alilaguna le lleva al centro de Venecia en unos\",\"breadcrumb\":{\"@id\":\"https:\/\/www.cadelmodena.it\/es\/ubicacion\/#breadcrumb\"},\"inLanguage\":\"es-ES\",\"potentialAction\":[{\"@type\":\"ReadAction\",\"target\":[\"https:\/\/www.cadelmodena.it\/es\/ubicacion\/\"]}]},{\"@type\":\"BreadcrumbList\",\"@id\":\"https:\/\/www.cadelmodena.it\/es\/ubicacion\/#breadcrumb\",\"itemListElement\":[{\"@type\":\"ListItem\",\"position\":1,\"name\":\"Home\",\"item\":\"https:\/\/www.cadelmodena.it\/es\/\"},{\"@type\":\"ListItem\",\"position\":2,\"name\":\"Ubicaci\u00f3n\"}]},{\"@type\":\"WebSite\",\"@id\":\"https:\/\/www.cadelmodena.it\/#website\",\"url\":\"https:\/\/www.cadelmodena.it\/\",\"name\":\"Ca&#039; Del Modena\",\"description\":\"\",\"publisher\":{\"@id\":\"https:\/\/www.cadelmodena.it\/#organization\"},\"potentialAction\":[{\"@type\":\"SearchAction\",\"target\":{\"@type\":\"EntryPoint\",\"urlTemplate\":\"https:\/\/www.cadelmodena.it\/?s={search_term_string}\"},\"query-input\":{\"@type\":\"PropertyValueSpecification\",\"valueRequired\":true,\"valueName\":\"search_term_string\"}}],\"inLanguage\":\"es-ES\"},{\"@type\":\"Organization\",\"@id\":\"https:\/\/www.cadelmodena.it\/#organization\",\"name\":\"Ca' Del Modena B&B\",\"url\":\"https:\/\/www.cadelmodena.it\/\",\"logo\":{\"@type\":\"ImageObject\",\"inLanguage\":\"es-ES\",\"@id\":\"https:\/\/www.cadelmodena.it\/#\/schema\/logo\/image\/\",\"url\":\"https:\/\/www.cadelmodena.it\/wp-content\/uploads\/2016\/12\/logo-cadelmodena.png\",\"contentUrl\":\"https:\/\/www.cadelmodena.it\/wp-content\/uploads\/2016\/12\/logo-cadelmodena.png\",\"width\":403,\"height\":190,\"caption\":\"Ca' Del Modena B&B\"},\"image\":{\"@id\":\"https:\/\/www.cadelmodena.it\/#\/schema\/logo\/image\/\"}}]}<\/script>\n<!-- \/ Yoast SEO plugin. -->","yoast_head_json":{"title":"Ubicaci\u00f3n - Ca' del Modena B&B - Venice","description":"C\u00d3MO LLEGAR A CA' DEL MODENA Desde el aeropuerto Marco Polo: El barco de la l\u00ednea naranja del servicio Alilaguna le lleva al centro de Venecia en unos","robots":{"index":"index","follow":"follow","max-snippet":"max-snippet:-1","max-image-preview":"max-image-preview:large","max-video-preview":"max-video-preview:-1"},"canonical":"https:\/\/www.cadelmodena.it\/es\/ubicacion\/","og_locale":"es_ES","og_type":"article","og_title":"Ubicaci\u00f3n - Ca' del Modena B&B - Venice","og_description":"C\u00d3MO LLEGAR A CA' DEL MODENA Desde el aeropuerto Marco Polo: El barco de la l\u00ednea naranja del servicio Alilaguna le lleva al centro de Venecia en unos","og_url":"https:\/\/www.cadelmodena.it\/es\/ubicacion\/","og_site_name":"Ca&#039; Del Modena","article_modified_time":"2017-05-25T08:22:44+00:00","twitter_card":"summary_large_image","twitter_misc":{"Est. reading time":"2 minutes"},"schema":{"@context":"https:\/\/schema.org","@graph":[{"@type":"WebPage","@id":"https:\/\/www.cadelmodena.it\/es\/ubicacion\/","url":"https:\/\/www.cadelmodena.it\/es\/ubicacion\/","name":"Ubicaci\u00f3n - Ca' del Modena B&B - Venice","isPartOf":{"@id":"https:\/\/www.cadelmodena.it\/#website"},"datePublished":"2017-03-15T13:50:18+00:00","dateModified":"2017-05-25T08:22:44+00:00","description":"C\u00d3MO LLEGAR A CA' DEL MODENA Desde el aeropuerto Marco Polo: El barco de la l\u00ednea naranja del servicio Alilaguna le lleva al centro de Venecia en unos","breadcrumb":{"@id":"https:\/\/www.cadelmodena.it\/es\/ubicacion\/#breadcrumb"},"inLanguage":"es-ES","potentialAction":[{"@type":"ReadAction","target":["https:\/\/www.cadelmodena.it\/es\/ubicacion\/"]}]},{"@type":"BreadcrumbList","@id":"https:\/\/www.cadelmodena.it\/es\/ubicacion\/#breadcrumb","itemListElement":[{"@type":"ListItem","position":1,"name":"Home","item":"https:\/\/www.cadelmodena.it\/es\/"},{"@type":"ListItem","position":2,"name":"Ubicaci\u00f3n"}]},{"@type":"WebSite","@id":"https:\/\/www.cadelmodena.it\/#website","url":"https:\/\/www.cadelmodena.it\/","name":"Ca&#039; Del Modena","description":"","publisher":{"@id":"https:\/\/www.cadelmodena.it\/#organization"},"potentialAction":[{"@type":"SearchAction","target":{"@type":"EntryPoint","urlTemplate":"https:\/\/www.cadelmodena.it\/?s={search_term_string}"},"query-input":{"@type":"PropertyValueSpecification","valueRequired":true,"valueName":"search_term_string"}}],"inLanguage":"es-ES"},{"@type":"Organization","@id":"https:\/\/www.cadelmodena.it\/#organization","name":"Ca' Del Modena B&B","url":"https:\/\/www.cadelmodena.it\/","logo":{"@type":"ImageObject","inLanguage":"es-ES","@id":"https:\/\/www.cadelmodena.it\/#\/schema\/logo\/image\/","url":"https:\/\/www.cadelmodena.it\/wp-content\/uploads\/2016\/12\/logo-cadelmodena.png","contentUrl":"https:\/\/www.cadelmodena.it\/wp-content\/uploads\/2016\/12\/logo-cadelmodena.png","width":403,"height":190,"caption":"Ca' Del Modena B&B"},"image":{"@id":"https:\/\/www.cadelmodena.it\/#\/schema\/logo\/image\/"}}]}},"_links":{"self":[{"href":"https:\/\/www.cadelmodena.it\/es\/wp-json\/wp\/v2\/pages\/314","targetHints":{"allow":["GET"]}}],"collection":[{"href":"https:\/\/www.cadelmodena.it\/es\/wp-json\/wp\/v2\/pages"}],"about":[{"href":"https:\/\/www.cadelmodena.it\/es\/wp-json\/wp\/v2\/types\/page"}],"author":[{"embeddable":true,"href":"https:\/\/www.cadelmodena.it\/es\/wp-json\/wp\/v2\/users\/1"}],"replies":[{"embeddable":true,"href":"https:\/\/www.cadelmodena.it\/es\/wp-json\/wp\/v2\/comments?post=314"}],"version-history":[{"count":8,"href":"https:\/\/www.cadelmodena.it\/es\/wp-json\/wp\/v2\/pages\/314\/revisions"}],"predecessor-version":[{"id":432,"href":"https:\/\/www.cadelmodena.it\/es\/wp-json\/wp\/v2\/pages\/314\/revisions\/432"}],"wp:attachment":[{"href":"https:\/\/www.cadelmodena.it\/es\/wp-json\/wp\/v2\/media?parent=314"}],"curies":[{"name":"wp","href":"https:\/\/api.w.org\/{rel}","templated":true}]}}